{"id":5633,"date":"2025-04-16T13:03:07","date_gmt":"2025-04-16T12:03:07","guid":{"rendered":"https:\/\/www.imprefil.com\/es\/?page_id=5633"},"modified":"2025-05-12T11:19:33","modified_gmt":"2025-05-12T10:19:33","slug":"conocenos-a-fondo","status":"publish","type":"page","link":"https:\/\/www.imprefil.com\/es\/conocenos-a-fondo\/","title":{"rendered":"Con\u00f3cenos a fondo"},"content":{"rendered":"\n<p class=\"has-text-align-center\"><strong>Nuevo v\u00eddeo de Imprefil, una mirada din\u00e1mica a sus renovadas instalaciones y a su<br>modelo de gesti\u00f3n basado en la innovaci\u00f3n, la eficiencia, su tecnolog\u00eda, compromiso y<br>evoluci\u00f3n empresarial.<\/strong><\/p>\n\n\n\n<figure class=\"wp-block-video aligncenter\"><video height=\"620\" style=\"aspect-ratio: 1116 \/ 620;\" width=\"1116\" controls poster=\"https:\/\/www.imprefil.com\/es\/wp-content\/uploads\/2025\/04\/foto10.jpg\" src=\"https:\/\/www.imprefil.com\/es\/wp-content\/uploads\/2025\/04\/Imprefil_VD_2025.mp4\" playsinline><\/video><\/figure>\n\n\n\n<p class=\"has-text-align-left has-black-color has-white-background-color has-text-color has-background has-link-color wp-elements-2a8ba489184a9011bacc18a02482506e\" style=\"font-size:14px\">Con m\u00e1s de <strong>45 a\u00f1os de trayectoria<\/strong>, Imprefil refuerza su posici\u00f3n como referente en soluciones de <strong>filtraci\u00f3n, t\u00e9rmico y refrigeraci\u00f3n y sistemas de escape<\/strong> para automoci\u00f3n, maquinaria industrial, obra p\u00fablica y energ\u00eda.<br>El v\u00eddeo ofrece <strong>un recorrido por las instalaciones centrales de Tres Cantos<\/strong> (Madrid), mostrando procesos de trabajo optimizados, una gesti\u00f3n log\u00edstica avanzada y un s\u00f3lido compromiso con la atenci\u00f3n al cliente.<br>Refleja el resultado de un <strong>profundo proceso de modernizaci\u00f3n<\/strong>, basado en tecnolog\u00edas inteligentes y modelos de gesti\u00f3n \u00e1giles, que impulsan la eficiencia operativa y mejoran la experiencia del cliente.<br><strong>El v\u00eddeo transmite la filosof\u00eda de Imprefil:<\/strong> compromiso con sus clientes, colaboraci\u00f3n con proveedores estrat\u00e9gicos, apuesta por el desarrollo del talento interno y una visi\u00f3n responsable y sostenible de su actividad y muestra su identidad: tecnolog\u00eda, valores y experiencia trabajando al servicio del cliente.<\/p>\n\n\n\n<div class=\"wp-block-buttons is-layout-flex wp-block-buttons-is-layout-flex\"><\/div>\n\n\n\n<p><\/p>\n","protected":false},"excerpt":{"rendered":"<p>Nuevo v\u00eddeo de Imprefil, una mirada din\u00e1mica a sus renovadas instalaciones y a sumodelo de gesti\u00f3n basado en la innovaci\u00f3n, la eficiencia, su tecnolog\u00eda, compromiso yevoluci\u00f3n empresarial. Con m\u00e1s de 45 a\u00f1os de trayectoria, Imprefil refuerza su posici\u00f3n como referente en soluciones de filtraci\u00f3n, t\u00e9rmico y refrigeraci\u00f3n y sistemas de escape para automoci\u00f3n, maquinaria industrial, [&hellip;]<\/p>\n","protected":false},"author":2,"featured_media":5624,"parent":0,"menu_order":0,"comment_status":"closed","ping_status":"closed","template":"templates\/template-about.php","meta":{"footnotes":""},"class_list":["post-5633","page","type-page","status-publish","has-post-thumbnail","hentry","latest_post"],"aioseo_notices":[],"_links":{"self":[{"href":"https:\/\/www.imprefil.com\/es\/wp-json\/wp\/v2\/pages\/5633","targetHints":{"allow":["GET"]}}],"collection":[{"href":"https:\/\/www.imprefil.com\/es\/wp-json\/wp\/v2\/pages"}],"about":[{"href":"https:\/\/www.imprefil.com\/es\/wp-json\/wp\/v2\/types\/page"}],"author":[{"embeddable":true,"href":"https:\/\/www.imprefil.com\/es\/wp-json\/wp\/v2\/users\/2"}],"replies":[{"embeddable":true,"href":"https:\/\/www.imprefil.com\/es\/wp-json\/wp\/v2\/comments?post=5633"}],"version-history":[{"count":35,"href":"https:\/\/www.imprefil.com\/es\/wp-json\/wp\/v2\/pages\/5633\/revisions"}],"predecessor-version":[{"id":5753,"href":"https:\/\/www.imprefil.com\/es\/wp-json\/wp\/v2\/pages\/5633\/revisions\/5753"}],"wp:featuredmedia":[{"embeddable":true,"href":"https:\/\/www.imprefil.com\/es\/wp-json\/wp\/v2\/media\/5624"}],"wp:attachment":[{"href":"https:\/\/www.imprefil.com\/es\/wp-json\/wp\/v2\/media?parent=5633"}],"curies":[{"name":"wp","href":"https:\/\/api.w.org\/{rel}","templated":true}]}}